{"id":153,"date":"2022-03-21T13:56:25","date_gmt":"2022-03-21T13:56:25","guid":{"rendered":"http:\/\/oome-tilles-hues.de\/?page_id=153"},"modified":"2022-03-21T14:15:38","modified_gmt":"2022-03-21T14:15:38","slug":"__trashed","status":"publish","type":"page","link":"http:\/\/oome-tilles-hues.de\/?page_id=153","title":{"rendered":"AGB"},"content":{"rendered":"<p>[et_pb_section fb_built=&#8220;1&#8243; fullwidth=&#8220;on&#8220; _builder_version=&#8220;4.3.4&#8243;][et_pb_fullwidth_image src=&#8220;http:\/\/oome-tilles-hues.de\/wp-content\/uploads\/2020\/02\/headder.jpg&#8220; _builder_version=&#8220;4.3.4&#8243;][\/et_pb_fullwidth_image][\/et_pb_section][et_pb_section fb_built=&#8220;1&#8243; _builder_version=&#8220;4.3.4&#8243; background_color=&#8220;#84cec5&#8243;][et_pb_row _builder_version=&#8220;4.3.4&#8243; background_size=&#8220;initial&#8220; background_position=&#8220;top_left&#8220; background_repeat=&#8220;repeat&#8220;][et_pb_column type=&#8220;4_4&#8243; _builder_version=&#8220;3.25&#8243; custom_padding=&#8220;|||&#8220; custom_padding__hover=&#8220;|||&#8220;][et_pb_text _builder_version=&#8220;4.3.4&#8243; background_size=&#8220;initial&#8220; background_position=&#8220;top_left&#8220; background_repeat=&#8220;repeat&#8220; custom_padding=&#8220;||0px|||&#8220;]<\/p>\n\n\n<p><strong>1.0&nbsp;&nbsp;<\/strong><strong>&nbsp;&nbsp;&nbsp;&nbsp;&nbsp; Mietvertrag<\/strong><\/p>\n\n\n\n<p>1.1 Nur den im Mietvertrag aufgef\u00fchrten Personen ist das Wohnen in dem Mietobjekt<br>erlaubt. Die Anzahl der Personen darf die angegebene<br>Personenanzahl nicht \u00fcbersteigen und die personenbezogenen Daten (Namen und Geburtsdaten) m\u00fcssen mit den Angaben \u00fcbereinstimmen.<\/p>\n\n\n\n<p>1.2 Das Zustandekommen des Mietvertrages erfolgt durch die Zusendung der Buchungsbest\u00e4tigung.<\/p>\n\n\n\n<p><strong>2.0 &nbsp;&nbsp;&nbsp;&nbsp; Rechte und Pflichten<\/strong><br>2.1 Die Vermieter verpflichten sich, bei Mietbeginn das Objekt in gepflegtem und &nbsp;sauberem &nbsp;Zustand zu \u00fcbergeben. Der Mieter ist verpflichtet, bei Mietende das Objekt in gepflegtem und sauberem Zustand zu hinterlassen und zu \u00fcbergeben. Das bedeutet im Einzelnen: M\u00fclleimer entleeren, Flaschen und Papier entsorgen, Bad von grobem Schmutz befreien, Handt\u00fccher und Bettw\u00e4sche (abgezogen vor den Betten) in die Dusche legen. Alle R\u00e4ume sind gesaugt, die Tische abgewischt und benutztes Geschirr und Gl\u00e4ser gesp\u00fclt in den daf\u00fcr vorgesehenen K\u00fcchenschr\u00e4nken verstaut. Bei Nichtbeachtung berechnen wir pauschal 150,- \u20ac als zus\u00e4tzlichen Reinigungsaufwand.<\/p>\n\n\n\n<p>2.1 Der Mieter ist verpflichtet, eventuelle durch ihn selbst oder durch die Mitbewohner verursachte Sch\u00e4den am Mietobjekt oder an dem Hausrat umgehend dem Vermieter anzuzeigen und sp\u00e4testens bei der Abreise dem Vermieter zu melden und vom Mieter zu bezahlen.<\/p>\n\n\n\n<p>2.2 Der Mieter hat die Mietsache pfleglich zu behandeln, insbesondere regelm\u00e4\u00dfig zu bel\u00fcften und von Ungeziefer freizuhalten. Der Mieter haftet f\u00fcr Sch\u00e4den, die durch Verletzung der ihm obliegenden Obhuts- und Sorgfaltspflichten \u2013 schuldhaft von ihm, durch von ihm betriebene Ger\u00e4te (z.B. Elektroger\u00e4te), von seinen Erf\u00fcllungsgehilfen oder von Personen, die sich mit Wissen und Wollen des Mieters in der Mietsache aufhalten, verursacht werden. Der Vermieter tritt schon jetzt seine Anspr\u00fcche gegen den Verursacher solcher Sch\u00e4den in dem Umfang an den Mieter ab, in dem der Mieter dem Vermieter Ersatz leistet.<br><br>2.3 Der Mieter verpflichtet sich, bei der Nutzung der Ferienwohnung auch R\u00fccksicht auf die Wohnungs- \/ Grundst\u00fccksnachbarn zu nehmen.<\/p>\n\n\n\n<p><strong>3.0 &nbsp;&nbsp;&nbsp;&nbsp;&nbsp; Allgemeines<\/strong><br>3.1 Dem Mieter ist bekannt, dass es sich um eine Nichtraucherwohnung handelt und somit das Rauchen in der Wohnung nicht gestattet ist.<\/p>\n\n\n\n<p>3.2 Ein Internetzugang&nbsp;ist kostenlos vorhanden. Bedingt durch die Insellage bitten wir teilweise Beeintr\u00e4chtigungen zu entschuldigen.<\/p>\n\n\n\n<p>3.3 Das unberechtigte Verstellen von SAT-Anlagen und TV-Ger\u00e4ten und zur\u00fccksetzen von Routern wird kostenpflichtig zu Lasten des Mieters behoben.&nbsp;<\/p>\n\n\n\n<p>3.4 Das Mietobjekt darf nur mit der angegeben Maximalzahl an Personen belegt werden.<\/p>\n\n\n\n<p><strong>4.0 &nbsp;&nbsp;&nbsp;&nbsp; An-\/Abreise<\/strong><br>4.1 Dem Mieter werden 2 Wohnungsschl\u00fcssel ausgeh\u00e4ndigt.<br>Der Verlust eines oder der Schl\u00fcssel muss sofort angezeigt werden. Die Kosten f\u00fcr eine Neubeschaffung werden dem Mieter berechnet.<\/p>\n\n\n\n<p>4.2 Der Anreisetag gilt als erster Miettag und wird als solcher berechnet. Am Anreisetag steht dem Gast die bestellte Ferienwohnung ab 16 Uhr zu Verf\u00fcgung. Am Abreisetag muss der Gast die bestellte Ferienwohnung bis 10 Uhr verlassen, um dem Vermieter die Gelegenheit zu geben, diese f\u00fcr den nachfolgenden Gast wieder herzurichten.<\/p>\n\n\n\n<p><strong>5.0 &nbsp;&nbsp;&nbsp;&nbsp; Kosten<\/strong><br>5.1 Im Mietpreis sind s\u00e4mtliche Nebenkosten, wie die Bettw\u00e4sche (Betten bezogen), ein Handtuchpaket (1 Handtuch, 1 Duschtuch, 1 Vorleger und 1Geschirrtuch) pro Person und Energiekosten enthalten. Die Kosten f\u00fcr eine Endreinigung sind ebenfalls im Preis enthalten, sofern das gemietete Objekt bei Abreise besenrein und sauber verlassen wird. &nbsp;<\/p>\n\n\n\n<p><strong>6.0 &nbsp;&nbsp;&nbsp;&nbsp; Zahlungsbedingungen<br><\/strong>6.1 Nach Erhalt der schriftlichen Buchungsbest\u00e4tigung wird eine Anzahlung in H\u00f6he von 25% des Mietpreises innerhalb von 14 Tagen f\u00e4llig. Der Restbetrag erfolgt dann bis sp\u00e4testens 4 Wochen vor Anreise. Die Zahlung vor Ort per EC- oder Kreditkarte ist nicht m\u00f6glich.<\/p>\n\n\n\n<p><strong>7.0&nbsp;&nbsp;&nbsp;&nbsp;&nbsp;&nbsp; R\u00fccktritt vom Mietvertag<\/strong><br>7.1 Der Vermieter ist berechtigt von dem Mietvertag zur\u00fcckzutreten, sollte der Mieter die Vorauszahlungen nicht innerhalb der vereinbarten Fristen entrichten.<br><\/p>\n\n\n\n<p>7.2 Der Mieter kann den Mietvertrag jederzeit stornieren, je nach Zeitpunkt der Stornierung werden ggf. Stornierungsgeb\u00fchren geltend gemacht.<br>Entsch\u00e4digung je nach Stornierungszeitpunkt:<br>&nbsp;&nbsp;&nbsp;&nbsp;&nbsp;&nbsp;&nbsp;&nbsp;&nbsp;&nbsp;&nbsp;&nbsp;&nbsp;&nbsp;&nbsp; -40% der Kosten bei R\u00fccktritt zwischen 60 und 30 Tagen vor Mietbeginn.<br>&nbsp;&nbsp;&nbsp;&nbsp;&nbsp;&nbsp;&nbsp;&nbsp;&nbsp;&nbsp;&nbsp;&nbsp;&nbsp;&nbsp;&nbsp; -80% der Kosten bei R\u00fccktritt ab 30 Tage vor Mietbeginn.<br><\/p>\n\n\n\n<p><strong>8.0&nbsp;&nbsp;&nbsp;&nbsp;&nbsp; Haftung<\/strong><\/p>\n\n\n\n<p>8.1 Die Ausschreibung wurde nach bestem Wissen erstellt. F\u00fcr eine Beeinflussung des Mietobjektes durch h\u00f6here Gewalt, durch landes\u00fcbliche Strom- und Wasserausf\u00e4lle und Unwetter wird nicht gehaftet. Ebenso wird nicht gehaftet bei Eintritt unvorhersehbarer oder unvermeidbarer Umst\u00e4nde wie z.B. beh\u00f6rdlicher Anordnung, pl\u00f6tzlicher Baustelle oder f\u00fcr St\u00f6rungen durch naturbedingte und \u00f6rtliche Begebenheiten. Der&nbsp;Vermieter&nbsp;ist berechtigt, entweder dem Mieter ein gleichwertiges Ersatzmietobjekt anzubieten oder den Mietvertrag ohne Einhaltung einer K\u00fcndigungsfrist zu k\u00fcndigen.<\/p>\n\n\n\n<p><strong>9.0&nbsp;&nbsp;&nbsp;&nbsp;&nbsp; Datenschutz<br><\/strong>9.1 Der Mieter erkl\u00e4rt sich damit einverstanden, dass im Rahmen des mit ihm abgeschlossenen Vertrages notwendige Daten \u00fcber seine Person gespeichert, ge\u00e4ndert und \/ oder gel\u00f6scht werden. Alle pers\u00f6nlichen Daten werden absolut vertraulich behandelt.<\/p>\n\n\n\n<p><\/p>\n\n\n\n<p><strong>Gegen Ersatzforderungen bei Vertragsk\u00fcndigung im&nbsp;Krankheitsfall empfehlen wir den Abschluss einer Reiseversicherung.<\/strong><\/p>\n\n\n\n<p><\/p>\n\n\n\n<p>[\/et_pb_text][\/et_pb_column][et_pb_column type=&#8220;1_2&#8243; _builder_version=&#8220;3.25&#8243; custom_padding=&#8220;|||&#8220; custom_padding__hover=&#8220;|||&#8220;][et_pb_image src=&#8220;http:\/\/oome-tilles-hues.de\/wp-content\/uploads\/2020\/02\/Telefonicon.png&#8220; _builder_version=&#8220;4.3.4&#8243; animation_style=&#8220;slide&#8220;][\/et_pb_image][\/et_pb_column][\/et_pb_row][\/et_pb_section]<\/p>\n","protected":false},"excerpt":{"rendered":"<p>[et_pb_section fb_built=&#8220;1&#8243; fullwidth=&#8220;on&#8220; _builder_version=&#8220;4.3.4&#8243;][et_pb_fullwidth_image src=&#8220;http:\/\/oome-tilles-hues.de\/wp-content\/uploads\/2020\/02\/headder.jpg&#8220; _builder_version=&#8220;4.3.4&#8243;][\/et_pb_fullwidth_image][\/et_pb_section][et_pb_section fb_built=&#8220;1&#8243; _builder_version=&#8220;4.3.4&#8243; background_color=&#8220;#84cec5&#8243;][et_pb_row _builder_version=&#8220;4.3.4&#8243; background_size=&#8220;initial&#8220; background_position=&#8220;top_left&#8220; background_repeat=&#8220;repeat&#8220;][et_pb_column type=&#8220;4_4&#8243; _builder_version=&#8220;3.25&#8243; custom_padding=&#8220;|||&#8220; custom_padding__hover=&#8220;|||&#8220;][et_pb_text _builder_version=&#8220;4.3.4&#8243; background_size=&#8220;initial&#8220; background_position=&#8220;top_left&#8220; background_repeat=&#8220;repeat&#8220; custom_padding=&#8220;||0px|||&#8220;] 1.0&nbsp;&nbsp;&nbsp;&nbsp;&nbsp;&nbsp;&nbsp; Mietvertrag 1.1 Nur den im Mietvertrag aufgef\u00fchrten Personen ist das Wohnen in dem Mietobjekterlaubt. Die Anzahl der Personen darf die angegebenePersonenanzahl nicht \u00fcbersteigen und die personenbezogenen Daten (Namen und Geburtsdaten) m\u00fcssen mit [&hellip;]<\/p>\n","protected":false},"author":1,"featured_media":0,"parent":0,"menu_order":0,"comment_status":"closed","ping_status":"closed","template":"","meta":{"_et_pb_use_builder":"on","_et_pb_old_content":"","_et_gb_content_width":""},"_links":{"self":[{"href":"http:\/\/oome-tilles-hues.de\/index.php?rest_route=\/wp\/v2\/pages\/153"}],"collection":[{"href":"http:\/\/oome-tilles-hues.de\/index.php?rest_route=\/wp\/v2\/pages"}],"about":[{"href":"http:\/\/oome-tilles-hues.de\/index.php?rest_route=\/wp\/v2\/types\/page"}],"author":[{"embeddable":true,"href":"http:\/\/oome-tilles-hues.de\/index.php?rest_route=\/wp\/v2\/users\/1"}],"replies":[{"embeddable":true,"href":"http:\/\/oome-tilles-hues.de\/index.php?rest_route=%2Fwp%2Fv2%2Fcomments&post=153"}],"version-history":[{"count":8,"href":"http:\/\/oome-tilles-hues.de\/index.php?rest_route=\/wp\/v2\/pages\/153\/revisions"}],"predecessor-version":[{"id":161,"href":"http:\/\/oome-tilles-hues.de\/index.php?rest_route=\/wp\/v2\/pages\/153\/revisions\/161"}],"wp:attachment":[{"href":"http:\/\/oome-tilles-hues.de\/index.php?rest_route=%2Fwp%2Fv2%2Fmedia&parent=153"}],"curies":[{"name":"wp","href":"https:\/\/api.w.org\/{rel}","templated":true}]}}