{"id":34,"date":"2020-02-29T10:32:38","date_gmt":"2020-02-29T10:32:38","guid":{"rendered":"http:\/\/oome-tilles-hues.de\/?page_id=34"},"modified":"2020-02-29T15:26:06","modified_gmt":"2020-02-29T15:26:06","slug":"datenschutz","status":"publish","type":"page","link":"http:\/\/oome-tilles-hues.de\/?page_id=34","title":{"rendered":"Datenschutz"},"content":{"rendered":"<p>[et_pb_section fb_built=&#8220;1&#8243; fullwidth=&#8220;on&#8220; _builder_version=&#8220;4.3.4&#8243;][et_pb_fullwidth_image src=&#8220;http:\/\/oome-tilles-hues.de\/wp-content\/uploads\/2020\/02\/headder.jpg&#8220; _builder_version=&#8220;4.3.4&#8243;][\/et_pb_fullwidth_image][\/et_pb_section][et_pb_section fb_built=&#8220;1&#8243; _builder_version=&#8220;4.3.4&#8243; hover_enabled=&#8220;0&#8243; background_color=&#8220;#84cec5&#8243;][et_pb_row column_structure=&#8220;1_2,1_2&#8243; _builder_version=&#8220;4.3.4&#8243; background_size=&#8220;initial&#8220; background_position=&#8220;top_left&#8220; background_repeat=&#8220;repeat&#8220; custom_padding=&#8220;0px|||9px||&#8220;][et_pb_column type=&#8220;1_2&#8243; _builder_version=&#8220;3.25&#8243; custom_padding=&#8220;|||&#8220; custom_padding__hover=&#8220;|||&#8220;][et_pb_text _builder_version=&#8220;4.3.4&#8243; background_size=&#8220;initial&#8220; background_position=&#8220;top_left&#8220; background_repeat=&#8220;repeat&#8220; custom_padding=&#8220;8px||0px|5px||&#8220;]<\/p>\n<div id=\"navibox\"><a href=\"file:\/\/\/Users\/peterluckel%201\/Desktop\/Website%20OOme\/wo2.html\"><\/a><a href=\"file:\/\/\/Users\/peterluckel%201\/Desktop\/Website%20OOme\/wo3.html\"><\/a><\/div>\n<p>&nbsp;<\/p>\n<div id=\"textbox\">\n<h4 style=\"caret-color: #003300; color: #003300; font-family: Arial, Helvetica, sans-serif;\"><span style=\"font-size: 14px;\"><strong><span style=\"caret-color: #000000; color: #000000; font-family: 'Myriad Pro';\">Datenschutzerkl\u00e4rung<\/span><\/strong><\/span><br style=\"caret-color: #000000; color: #000000; font-family: 'Myriad Pro'; font-size: 14px;\" \/><span style=\"caret-color: #000000; color: #000000; font-family: 'Myriad Pro'; font-size: 14px;\">1. Datenschutz auf einen Blick<\/span><br style=\"caret-color: #000000; color: #000000; font-family: 'Myriad Pro'; font-size: 14px;\" \/><span style=\"caret-color: #000000; color: #000000; font-family: 'Myriad Pro'; font-size: 14px;\">Allgemeine Hinweise<\/span><br style=\"caret-color: #000000; color: #000000; font-family: 'Myriad Pro'; font-size: 14px;\" \/><span style=\"caret-color: #000000; color: #000000; font-family: 'Myriad Pro'; font-size: 14px;\">Die folgenden Hinweise geben einen einfachen \u00dcberblick dar\u00fcber, was mit Ihren personenbezogenen Daten passiert, wenn Sie unsere Website besuchen. Personenbezogene Daten sind alle Daten, mit denen Sie pers\u00f6nlich identifiziert werden k\u00f6nnen. Ausf\u00fchrliche Informationen<\/span><span style=\"caret-color: #000000; color: #000000; font-family: 'Myriad Pro'; font-size: 14px;\">\u00a0<\/span><span style=\"caret-color: #000000; color: #000000; font-family: 'Myriad Pro'; font-size: 14px;\">zum Thema Datenschutz entnehmen Sie unserer unter diesem Text aufgef\u00fchrten Datenschutzerkl\u00e4rung.<\/span><br style=\"caret-color: #000000; color: #000000; font-family: 'Myriad Pro'; font-size: 14px;\" \/><span style=\"caret-color: #000000; color: #000000; font-family: 'Myriad Pro'; font-size: 14px;\">Datenerfassung auf unserer Website<\/span><br style=\"caret-color: #000000; color: #000000; font-family: 'Myriad Pro'; font-size: 14px;\" \/><span style=\"caret-color: #000000; color: #000000; font-family: 'Myriad Pro'; font-size: 14px;\">Wer ist verantwortlich f\u00fcr die Datenerfassung auf dieser Website?<\/span><br style=\"caret-color: #000000; color: #000000; font-family: 'Myriad Pro'; font-size: 14px;\" \/><span style=\"caret-color: #000000; color: #000000; font-family: 'Myriad Pro'; font-size: 14px;\">Die Datenverarbeitung auf dieser Website erfolgt durch den Websitebetreiber. Dessen Kontaktdaten k\u00f6nnen Sie dem Impressum dieser Website entnehmen.<\/span><br style=\"caret-color: #000000; color: #000000; font-family: 'Myriad Pro'; font-size: 14px;\" \/><span style=\"caret-color: #000000; color: #000000; font-family: 'Myriad Pro'; font-size: 14px;\">Wie erfassen wir Ihre Daten?<\/span><br style=\"caret-color: #000000; color: #000000; font-family: 'Myriad Pro'; font-size: 14px;\" \/><span style=\"caret-color: #000000; color: #000000; font-family: 'Myriad Pro'; font-size: 14px;\">Ihre Daten werden zum einen dadurch erhoben, dass Sie uns diese mitteilen. Hierbei kann es sich z.B. um Daten handeln, die Sie in ein Kontaktformular eingeben.<\/span><br style=\"caret-color: #000000; color: #000000; font-family: 'Myriad Pro'; font-size: 14px;\" \/><span style=\"caret-color: #000000; color: #000000; font-family: 'Myriad Pro'; font-size: 14px;\">Andere Daten werden automatisch beim Besuch der Website durch unsere IT-Systeme erfasst. Das sind vor allem technische Daten (z.B. Internetbrowser, Betriebssystem oder Uhrzeit des Seitenaufrufs). Die Erfassung dieser Daten erfolgt automatisch, sobald Sie unsere Website<\/span><span style=\"caret-color: #000000; color: #000000; font-family: 'Myriad Pro'; font-size: 14px;\">\u00a0<\/span><span style=\"caret-color: #000000; color: #000000; font-family: 'Myriad Pro'; font-size: 14px;\">betreten.<\/span><br style=\"caret-color: #000000; color: #000000; font-family: 'Myriad Pro'; font-size: 14px;\" \/><span style=\"caret-color: #000000; color: #000000; font-family: 'Myriad Pro'; font-size: 14px;\">Wof\u00fcr nutzen wir Ihre Daten?<\/span><br style=\"caret-color: #000000; color: #000000; font-family: 'Myriad Pro'; font-size: 14px;\" \/><span style=\"caret-color: #000000; color: #000000; font-family: 'Myriad Pro'; font-size: 14px;\">Ein Teil der Daten wird erhoben, um eine fehlerfreie Bereitstellung der Website zu gew\u00e4hrleisten. Andere Daten k\u00f6nnen zur Analyse Ihres Nutzerverhaltens verwendet werden.<\/span><br style=\"caret-color: #000000; color: #000000; font-family: 'Myriad Pro'; font-size: 14px;\" \/><span style=\"caret-color: #000000; color: #000000; font-family: 'Myriad Pro'; font-size: 14px;\">Welche Rechte haben Sie bez\u00fcglich Ihrer Daten?<\/span><br style=\"caret-color: #000000; color: #000000; font-family: 'Myriad Pro'; font-size: 14px;\" \/><span style=\"caret-color: #000000; color: #000000; font-family: 'Myriad Pro'; font-size: 14px;\">Sie haben jederzeit das Recht unentgeltlich Auskunft \u00fcber Herkunft, Empf\u00e4nger und Zweck Ihrer gespeicherten personenbezogenen Daten zu erhalten. Sie haben au\u00dferdem ein Recht, die Berichtigung, Sperrung oder L\u00f6schung dieser Daten zu verlangen. Hierzu sowie zu weiteren<\/span><span style=\"caret-color: #000000; color: #000000; font-family: 'Myriad Pro'; font-size: 14px;\">\u00a0<\/span><span style=\"caret-color: #000000; color: #000000; font-family: 'Myriad Pro'; font-size: 14px;\">Fragen zum Thema Datenschutz k\u00f6nnen Sie sich jederzeit unter der im Impressum angegebenen Adresse an uns wenden. Des Weiteren steht Ihnen ein Beschwerderecht bei der zust\u00e4ndigen Aufsichtsbeh\u00f6rde zu.<\/span><br style=\"caret-color: #000000; color: #000000; font-family: 'Myriad Pro'; font-size: 14px;\" \/><span style=\"caret-color: #000000; color: #000000; font-family: 'Myriad Pro'; font-size: 14px;\">2. Allgemeine Hinweise und Pflichtinformationen<\/span><br style=\"caret-color: #000000; color: #000000; font-family: 'Myriad Pro'; font-size: 14px;\" \/><span style=\"caret-color: #000000; color: #000000; font-family: 'Myriad Pro'; font-size: 14px;\">Datenschutz<\/span><br style=\"caret-color: #000000; color: #000000; font-family: 'Myriad Pro'; font-size: 14px;\" \/><span style=\"caret-color: #000000; color: #000000; font-family: 'Myriad Pro'; font-size: 14px;\">Die Betreiber dieser Seiten nehmen den Schutz Ihrer pers\u00f6nlichen Daten sehr ernst. Wir behandeln Ihre personenbezogenen Daten vertraulich und entsprechend der gesetzlichen Datenschutzvorschriften sowie dieser Datenschutzerkl\u00e4rung.<\/span><br style=\"caret-color: #000000; color: #000000; font-family: 'Myriad Pro'; font-size: 14px;\" \/><span style=\"caret-color: #000000; color: #000000; font-family: 'Myriad Pro'; font-size: 14px;\">Wenn Sie diese Website benutzen, werden verschiedene personenbezogene Daten erhoben. Personenbezogene Daten sind Daten, mit denen Sie pers\u00f6nlich identifiziert werden k\u00f6nnen. Die vorliegende Datenschutzerkl\u00e4rung erl\u00e4utert, welche Daten wir erheben und wof\u00fcr wir sie<\/span><span style=\"caret-color: #000000; color: #000000; font-family: 'Myriad Pro'; font-size: 14px;\">\u00a0<\/span><span style=\"caret-color: #000000; color: #000000; font-family: 'Myriad Pro'; font-size: 14px;\">nutzen. Sie erl\u00e4utert auch, wie und zu welchem Zweck das geschieht.<\/span><br style=\"caret-color: #000000; color: #000000; font-family: 'Myriad Pro'; font-size: 14px;\" \/><span style=\"caret-color: #000000; color: #000000; font-family: 'Myriad Pro'; font-size: 14px;\">Wir weisen darauf hin, dass die Daten\u00fcbertragung im Internet (z.B. bei der Kommunikation per E-Mail) Sicherheitsl\u00fccken aufweisen kann. Ein l\u00fcckenloser Schutz der Daten vor dem Zugriff durch Dritte ist nicht m\u00f6glich.<\/span><br style=\"caret-color: #000000; color: #000000; font-family: 'Myriad Pro'; font-size: 14px;\" \/><span style=\"caret-color: #000000; color: #000000; font-family: 'Myriad Pro'; font-size: 14px;\">Hinweis zur verantwortlichen Stelle<\/span><br style=\"caret-color: #000000; color: #000000; font-family: 'Myriad Pro'; font-size: 14px;\" \/><span style=\"caret-color: #000000; color: #000000; font-family: 'Myriad Pro'; font-size: 14px;\">Die verantwortliche Stelle f\u00fcr die Datenverarbeitung auf dieser Website ist:<\/span><br style=\"caret-color: #000000; color: #000000; font-family: 'Myriad Pro'; font-size: 14px;\" \/><span style=\"caret-color: #000000; color: #000000; font-family: 'Myriad Pro'; font-size: 14px;\">Werner Gehrmann<\/span><br style=\"caret-color: #000000; color: #000000; font-family: 'Myriad Pro'; font-size: 14px;\" \/><span style=\"caret-color: #000000; color: #000000; font-family: 'Myriad Pro'; font-size: 14px;\">Ual Saarepswai 22<\/span><br style=\"caret-color: #000000; color: #000000; font-family: 'Myriad Pro'; font-size: 14px;\" \/><span style=\"caret-color: #000000; color: #000000; font-family: 'Myriad Pro'; font-size: 14px;\">25946 Norddorf auf Amrum<\/span><br style=\"caret-color: #000000; color: #000000; font-family: 'Myriad Pro'; font-size: 14px;\" \/><span style=\"caret-color: #000000; color: #000000; font-family: 'Myriad Pro'; font-size: 14px;\">Tel. 04682-9614477<\/span><br style=\"caret-color: #000000; color: #000000; font-family: 'Myriad Pro'; font-size: 14px;\" \/><span style=\"caret-color: #000000; color: #000000; font-family: 'Myriad Pro'; font-size: 14px;\">Mobil: 0160 &#8211; 902 871 80\u00a0<\/span><br style=\"caret-color: #000000; color: #000000; font-family: 'Myriad Pro'; font-size: 14px;\" \/><span style=\"caret-color: #000000; color: #000000; font-family: 'Myriad Pro'; font-size: 14px;\">e-Mail:<\/span><span style=\"caret-color: #000000; color: #000000; font-family: 'Myriad Pro'; font-size: 14px;\">\u00a0info@oome-tilles-hues.de<\/span><br style=\"caret-color: #000000; color: #000000; font-family: 'Myriad Pro'; font-size: 14px;\" \/><span style=\"caret-color: #000000; color: #000000; font-family: 'Myriad Pro'; font-size: 14px;\">Verantwortliche Stelle ist die nat\u00fcrliche oder juristische Person, die allein oder gemeinsam mit anderen \u00fcber die Zwecke und Mittel der Verarbeitung von personenbezogenen Daten (z.B. Namen, E-Mail-Adressen o. \u00c4.) entscheidet.<\/span><br style=\"caret-color: #000000; color: #000000; font-family: 'Myriad Pro'; font-size: 14px;\" \/><span style=\"caret-color: #000000; color: #000000; font-family: 'Myriad Pro'; font-size: 14px;\">Widerruf Ihrer Einwilligung zur Datenverarbeitung<\/span><br style=\"caret-color: #000000; color: #000000; font-family: 'Myriad Pro'; font-size: 14px;\" \/><span style=\"caret-color: #000000; color: #000000; font-family: 'Myriad Pro'; font-size: 14px;\">Viele Datenverarbeitungsvorg\u00e4nge sind nur mit Ihrer ausdr\u00fccklichen Einwilligung m\u00f6glich. Sie k\u00f6nnen eine bereits erteilte Einwilligung jederzeit widerrufen. Dazu reicht eine formlose Mitteilung per E-Mail an uns. Die Rechtm\u00e4\u00dfigkeit der bis zum Widerruf erfolgten Datenverarbeitung<\/span><span style=\"caret-color: #000000; color: #000000; font-family: 'Myriad Pro'; font-size: 14px;\">\u00a0<\/span><span style=\"caret-color: #000000; color: #000000; font-family: 'Myriad Pro'; font-size: 14px;\">bleibt vom Widerruf unber\u00fchrt.<\/span><br style=\"caret-color: #000000; color: #000000; font-family: 'Myriad Pro'; font-size: 14px;\" \/><span style=\"caret-color: #000000; color: #000000; font-family: 'Myriad Pro'; font-size: 14px;\">Beschwerderecht bei der zust\u00e4ndigen Aufsichtsbeh\u00f6rde<\/span><br style=\"caret-color: #000000; color: #000000; font-family: 'Myriad Pro'; font-size: 14px;\" \/><span style=\"caret-color: #000000; color: #000000; font-family: 'Myriad Pro'; font-size: 14px;\">Im Falle datenschutzrechtlicher Verst\u00f6\u00dfe steht dem Betroffenen ein Beschwerderecht bei der zust\u00e4ndigen Aufsichtsbeh\u00f6rde zu. Zust\u00e4ndige Aufsichtsbeh\u00f6rde in datenschutzrechtlichen Fragen ist der Landesdatenschutzbeauftragte des Bundeslandes, in dem unser Unternehmen<\/span><span style=\"caret-color: #000000; color: #000000; font-family: 'Myriad Pro'; font-size: 14px;\">\u00a0<\/span><span style=\"caret-color: #000000; color: #000000; font-family: 'Myriad Pro'; font-size: 14px;\">seinen Sitz hat. Eine Liste der Datenschutzbeauftragten sowie deren Kontaktdaten k\u00f6nnen folgendem Link entnommen werden:\u00a0<\/span><span style=\"caret-color: #000000; color: #000000; font-family: 'Myriad Pro'; font-size: 14px;\">https:\/\/www.bfdi.bund.de\/DE\/Infothek\/Anschriften_Links\/anschriften_links-node.html<\/span><span style=\"caret-color: #000000; color: #000000; font-family: 'Myriad Pro'; font-size: 14px;\">.<\/span><br style=\"caret-color: #000000; color: #000000; font-family: 'Myriad Pro'; font-size: 14px;\" \/><span style=\"caret-color: #000000; color: #000000; font-family: 'Myriad Pro'; font-size: 14px;\">Auskunft, Sperrung, L\u00f6schung<\/span><br style=\"caret-color: #000000; color: #000000; font-family: 'Myriad Pro'; font-size: 14px;\" \/><span style=\"caret-color: #000000; color: #000000; font-family: 'Myriad Pro'; font-size: 14px;\">Sie haben im Rahmen der geltenden gesetzlichen Bestimmungen jederzeit das Recht auf unentgeltliche Auskunft \u00fcber Ihre gespeicherten personenbezogenen Daten, deren Herkunft und Empf\u00e4nger und den Zweck der Datenverarbeitung und ggf. ein Recht auf Berichtigung,<\/span><span style=\"caret-color: #000000; color: #000000; font-family: 'Myriad Pro'; font-size: 14px;\">\u00a0<\/span><span style=\"caret-color: #000000; color: #000000; font-family: 'Myriad Pro'; font-size: 14px;\">Sperrung oder L\u00f6schung dieser Daten. Hierzu sowie zu weiteren Fragen zum Thema personenbezogene Daten k\u00f6nnen Sie sich jederzeit unter der im Impressum angegebenen Adresse an uns wenden.<\/span><br style=\"caret-color: #000000; color: #000000; font-family: 'Myriad Pro'; font-size: 14px;\" \/><span style=\"caret-color: #000000; color: #000000; font-family: 'Myriad Pro'; font-size: 14px;\">Widerspruch gegen Werbe-Mails<\/span><br style=\"caret-color: #000000; color: #000000; font-family: 'Myriad Pro'; font-size: 14px;\" \/><span style=\"caret-color: #000000; color: #000000; font-family: 'Myriad Pro'; font-size: 14px;\">Der Nutzung von im Rahmen der Impressumspflicht ver\u00f6ffentlichten Kontaktdaten zur \u00dcbersendung von nicht ausdr\u00fccklich angeforderter Werbung und Informationsmaterialien wird hiermit widersprochen. Die Betreiber der Seiten behalten sich ausdr\u00fccklich rechtliche Schritte im Falle<\/span><span style=\"caret-color: #000000; color: #000000; font-family: 'Myriad Pro'; font-size: 14px;\">\u00a0<\/span><span style=\"caret-color: #000000; color: #000000; font-family: 'Myriad Pro'; font-size: 14px;\">der unverlangten Zusendung von Werbeinformationen, etwa durch Spam-E-Mails, vor.<\/span><br style=\"caret-color: #000000; color: #000000; font-family: 'Myriad Pro'; font-size: 14px;\" \/><span style=\"caret-color: #000000; color: #000000; font-family: 'Myriad Pro'; font-size: 14px;\">3. Datenerfassung auf unserer Website<\/span><br style=\"caret-color: #000000; color: #000000; font-family: 'Myriad Pro'; font-size: 14px;\" \/><span style=\"caret-color: #000000; color: #000000; font-family: 'Myriad Pro'; font-size: 14px;\">Cookies<\/span><br style=\"caret-color: #000000; color: #000000; font-family: 'Myriad Pro'; font-size: 14px;\" \/><span style=\"caret-color: #000000; color: #000000; font-family: 'Myriad Pro'; font-size: 14px;\">Die Internetseiten verwenden teilweise so genannte Cookies. Cookies richten auf Ihrem Rechner keinen Schaden an und enthalten keine Viren. Cookies dienen dazu, unser Angebot nutzerfreundlicher,<\/span><span style=\"caret-color: #000000; color: #000000; font-family: 'Myriad Pro'; font-size: 14px;\">\u00a0<\/span><span style=\"caret-color: #000000; color: #000000; font-family: 'Myriad Pro'; font-size: 14px;\">effektiver und sicherer zu machen. Cookies sind kleine Textdateien, die auf Ihrem Rechner abgelegt werden und die Ihr Browser speichert.<\/span><br style=\"caret-color: #000000; color: #000000; font-family: 'Myriad Pro'; font-size: 14px;\" \/><span style=\"caret-color: #000000; color: #000000; font-family: 'Myriad Pro'; font-size: 14px;\">Die meisten der von uns verwendeten Cookies sind so genannte \u201eSession-Cookies\u201c. Sie werden nach Ende Ihres Besuchs automatisch gel\u00f6scht. Andere Cookies bleiben auf Ihrem Endger\u00e4t gespeichert<\/span><span style=\"caret-color: #000000; color: #000000; font-family: 'Myriad Pro'; font-size: 14px;\">\u00a0<\/span><span style=\"caret-color: #000000; color: #000000; font-family: 'Myriad Pro'; font-size: 14px;\">bis Sie diese l\u00f6schen. Diese Cookies erm\u00f6glichen es uns, Ihren Browser beim n\u00e4chsten Besuch wiederzuerkennen.<\/span><br style=\"caret-color: #000000; color: #000000; font-family: 'Myriad Pro'; font-size: 14px;\" \/><span style=\"caret-color: #000000; color: #000000; font-family: 'Myriad Pro'; font-size: 14px;\">Sie k\u00f6nnen Ihren Browser so einstellen, dass Sie \u00fcber das Setzen von Cookies informiert werden und Cookies nur im Einzelfall erlauben, die Annahme von Cookies f\u00fcr bestimmte F\u00e4lle oder generell<\/span><span style=\"caret-color: #000000; color: #000000; font-family: 'Myriad Pro'; font-size: 14px;\">\u00a0<\/span><span style=\"caret-color: #000000; color: #000000; font-family: 'Myriad Pro'; font-size: 14px;\">ausschlie\u00dfen sowie das automatische L\u00f6schen der Cookies beim Schlie\u00dfen des Browsers aktivieren. Bei der Deaktivierung von Cookies kann die Funktionalit\u00e4t dieser Website eingeschr\u00e4nkt sein.<\/span><br style=\"caret-color: #000000; color: #000000; font-family: 'Myriad Pro'; font-size: 14px;\" \/><span style=\"caret-color: #000000; color: #000000; font-family: 'Myriad Pro'; font-size: 14px;\">Cookies, die zur Durchf\u00fchrung des elektronischen Kommunikationsvorgangs oder zur Bereitstellung bestimmter, von Ihnen erw\u00fcnschter Funktionen (z. B. Warenkorbfunktion) erforderlich sind, werden<\/span><span style=\"caret-color: #000000; color: #000000; font-family: 'Myriad Pro'; font-size: 14px;\">\u00a0<\/span><span style=\"caret-color: #000000; color: #000000; font-family: 'Myriad Pro'; font-size: 14px;\">auf Grundlage von Art. 6 Abs. 1 lit. f DSGVO gespeichert. Der Websitebetreiber hat ein berechtigtes Interesse an der Speicherung von Cookies zur technisch fehlerfreien und optimierten Bereitstellung<\/span><span style=\"caret-color: #000000; color: #000000; font-family: 'Myriad Pro'; font-size: 14px;\">\u00a0<\/span><span style=\"caret-color: #000000; color: #000000; font-family: 'Myriad Pro'; font-size: 14px;\">seiner Dienste. Soweit andere Cookies (z. B. Cookies zur Analyse Ihres Surfverhaltens) gespeichert werden, werden diese in dieser Datenschutzerkl\u00e4rung gesondert behandelt.<\/span><br style=\"caret-color: #000000; color: #000000; font-family: 'Myriad Pro'; font-size: 14px;\" \/><span style=\"caret-color: #000000; color: #000000; font-family: 'Myriad Pro'; font-size: 14px;\">Server-Log-Dateien<\/span><br style=\"caret-color: #000000; color: #000000; font-family: 'Myriad Pro'; font-size: 14px;\" \/><span style=\"caret-color: #000000; color: #000000; font-family: 'Myriad Pro'; font-size: 14px;\">Der Provider der Seiten erhebt und speichert automatisch Informationen in so genannten Server-Log-Dateien, die Ihr Browser automatisch an uns \u00fcbermittelt. Dies sind:<\/span><\/h4>\n<div style=\"caret-color: #000000; color: #000000; font-family: 'Myriad Pro'; font-size: 14px;\"><span class=\"Apple-tab-span\" style=\"white-space: pre;\"> <\/span>\u2022\u00a0Browsertyp und Browserversion<\/div>\n<div style=\"caret-color: #000000; color: #000000; font-family: 'Myriad Pro'; font-size: 14px;\"><span class=\"Apple-tab-span\" style=\"white-space: pre;\"> <\/span>\u2022\u00a0verwendetes Betriebssystem<\/div>\n<div style=\"caret-color: #000000; color: #000000; font-family: 'Myriad Pro'; font-size: 14px;\"><span class=\"Apple-tab-span\" style=\"white-space: pre;\"> <\/span>\u2022\u00a0Referrer URL<\/div>\n<div style=\"caret-color: #000000; color: #000000; font-family: 'Myriad Pro'; font-size: 14px;\"><span class=\"Apple-tab-span\" style=\"white-space: pre;\"> <\/span>\u2022\u00a0Hostname des zugreifenden Rechners<\/div>\n<div style=\"caret-color: #000000; color: #000000; font-family: 'Myriad Pro'; font-size: 14px;\"><span class=\"Apple-tab-span\" style=\"white-space: pre;\"> <\/span>\u2022\u00a0Uhrzeit der Serveranfrage<\/div>\n<div style=\"caret-color: #000000; color: #000000; font-family: 'Myriad Pro'; font-size: 14px;\"><span class=\"Apple-tab-span\" style=\"white-space: pre;\"> <\/span>\u2022\u00a0IP-Adresse<\/div>\n<h4 style=\"caret-color: #003300; color: #003300; font-family: Arial, Helvetica, sans-serif;\"><span style=\"caret-color: #000000; color: #000000; font-family: 'Myriad Pro'; font-size: 14px;\">Eine Zusammenf\u00fchrung dieser Daten mit anderen Datenquellen wird nicht vorgenommen.<\/span><br style=\"caret-color: #000000; color: #000000; font-family: 'Myriad Pro'; font-size: 14px;\" \/><span style=\"caret-color: #000000; color: #000000; font-family: 'Myriad Pro'; font-size: 14px;\">Grundlage f\u00fcr die Datenverarbeitung ist Art. 6 Abs. 1 lit. f DSGVO, der die Verarbeitung von Daten zur Erf\u00fcllung eines Vertrags oder vorvertraglicher Ma\u00dfnahmen gestattet.<\/span><br style=\"caret-color: #000000; color: #000000; font-family: 'Myriad Pro'; font-size: 14px;\" \/><span style=\"caret-color: #000000; color: #000000; font-family: 'Myriad Pro'; font-size: 14px;\">4. Plugins und Tools<\/span><br style=\"caret-color: #000000; color: #000000; font-family: 'Myriad Pro'; font-size: 14px;\" \/><span style=\"caret-color: #000000; color: #000000; font-family: 'Myriad Pro'; font-size: 14px;\">Google Web Fonts<\/span><br style=\"caret-color: #000000; color: #000000; font-family: 'Myriad Pro'; font-size: 14px;\" \/><span style=\"caret-color: #000000; color: #000000; font-family: 'Myriad Pro'; font-size: 14px;\">Diese Seite nutzt zur einheitlichen Darstellung von Schriftarten so genannte Web Fonts, die von Google bereitgestellt werden. Beim Aufruf einer Seite l\u00e4dt Ihr Browser die ben\u00f6tigten Web Fonts in ihren Browsercache, um Texte und Schriftarten korrekt anzuzeigen.<\/span><br style=\"caret-color: #000000; color: #000000; font-family: 'Myriad Pro'; font-size: 14px;\" \/><span style=\"caret-color: #000000; color: #000000; font-family: 'Myriad Pro'; font-size: 14px;\">Zu diesem Zweck muss der von Ihnen verwendete Browser Verbindung zu den Servern von Google aufnehmen. Hierdurch erlangt Google Kenntnis dar\u00fcber, dass \u00fcber Ihre IP-Adresse unsere Website aufgerufen wurde. Die Nutzung von Google Web Fonts erfolgt im Interesse einer<\/span><span style=\"caret-color: #000000; color: #000000; font-family: 'Myriad Pro'; font-size: 14px;\">\u00a0<\/span><span style=\"caret-color: #000000; color: #000000; font-family: 'Myriad Pro'; font-size: 14px;\">einheitlichen und ansprechenden Darstellung unserer Online-Angebote. Dies stellt ein berechtigtes Interesse im Sinne von Art. 6 Abs. 1 lit. f DSGVO dar.<\/span><br style=\"caret-color: #000000; color: #000000; font-family: 'Myriad Pro'; font-size: 14px;\" \/><span style=\"caret-color: #000000; color: #000000; font-family: 'Myriad Pro'; font-size: 14px;\">Wenn Ihr Browser Web Fonts nicht unterst\u00fctzt, wird eine Standardschrift von Ihrem Computer genutzt.<\/span><br style=\"caret-color: #000000; color: #000000; font-family: 'Myriad Pro'; font-size: 14px;\" \/><span style=\"caret-color: #000000; color: #000000; font-family: 'Myriad Pro'; font-size: 14px;\">Weitere Informationen zu Google Web Fonts finden Sie unter\u00a0<\/span><span style=\"caret-color: #000000; color: #000000; font-family: 'Myriad Pro'; font-size: 14px;\">https:\/\/developers.google.com\/fonts\/faq<\/span><span style=\"caret-color: #000000; color: #000000; font-family: 'Myriad Pro'; font-size: 14px;\">\u00a0und in der Datenschutzerkl\u00e4rung von Google:\u00a0<\/span><span style=\"caret-color: #000000; color: #000000; font-family: 'Myriad Pro'; font-size: 14px;\">https:\/\/www.google.com\/policies\/privacy\/<\/span><span style=\"caret-color: #000000; color: #000000; font-family: 'Myriad Pro'; font-size: 14px;\">.<\/span><br style=\"caret-color: #000000; color: #000000; font-family: 'Myriad Pro'; font-size: 14px;\" \/><span style=\"caret-color: #000000; color: #000000; font-family: 'Myriad Pro'; font-size: 14px;\">Google Maps<\/span><br style=\"caret-color: #000000; color: #000000; font-family: 'Myriad Pro'; font-size: 14px;\" \/><span style=\"caret-color: #000000; color: #000000; font-family: 'Myriad Pro'; font-size: 14px;\">Diese Seite nutzt \u00fcber eine API den Kartendienst Google Maps. Anbieter ist die Google Inc., 1600 Amphitheatre Parkway, Mountain View, CA 94043, USA.<\/span><br style=\"caret-color: #000000; color: #000000; font-family: 'Myriad Pro'; font-size: 14px;\" \/><span style=\"caret-color: #000000; color: #000000; font-family: 'Myriad Pro'; font-size: 14px;\">Zur Nutzung der Funktionen von Google Maps ist es notwendig, Ihre IP Adresse zu speichern. Diese Informationen werden in der Regel an einen Server von Google in den USA \u00fcbertragen und dort gespeichert. Der Anbieter dieser Seite hat keinen Einfluss auf diese<\/span><span style=\"caret-color: #000000; color: #000000; font-family: 'Myriad Pro'; font-size: 14px;\">\u00a0<\/span><span style=\"caret-color: #000000; color: #000000; font-family: 'Myriad Pro'; font-size: 14px;\">Daten\u00fcbertragung.<\/span><br style=\"caret-color: #000000; color: #000000; font-family: 'Myriad Pro'; font-size: 14px;\" \/><span style=\"caret-color: #000000; color: #000000; font-family: 'Myriad Pro'; font-size: 14px;\">Die Nutzung von Google Maps erfolgt im Interesse einer ansprechenden Darstellung unserer Online-Angebote und an einer leichten Auffindbarkeit der von uns auf der Website angegebenen Orte. Dies stellt ein berechtigtes Interesse im Sinne von Art. 6 Abs. 1 lit. f DSGVO dar.<\/span><br style=\"caret-color: #000000; color: #000000; font-family: 'Myriad Pro'; font-size: 14px;\" \/><span style=\"caret-color: #000000; color: #000000; font-family: 'Myriad Pro'; font-size: 14px;\">Mehr Informationen zum Umgang mit Nutzerdaten finden Sie in der Datenschutzerkl\u00e4rung von Google:\u00a0<\/span><span style=\"caret-color: #000000; color: #000000; font-family: 'Myriad Pro'; font-size: 14px;\">https:\/\/www.google.de\/intl\/de\/policies\/privacy\/<\/span><span style=\"caret-color: #000000; color: #000000; font-family: 'Myriad Pro'; font-size: 14px;\">.<\/span><\/h4>\n<p>&nbsp;<\/p>\n<\/div>\n<p>[\/et_pb_text][\/et_pb_column][et_pb_column type=&#8220;1_2&#8243; _builder_version=&#8220;3.25&#8243; custom_padding=&#8220;|||&#8220; custom_padding__hover=&#8220;|||&#8220;][et_pb_image src=&#8220;http:\/\/oome-tilles-hues.de\/wp-content\/uploads\/2020\/02\/Paragraph.png&#8220; _builder_version=&#8220;4.3.4&#8243; animation_style=&#8220;slide&#8220; hover_enabled=&#8220;0&#8243;][\/et_pb_image][\/et_pb_column][\/et_pb_row][\/et_pb_section]<\/p>\n","protected":false},"excerpt":{"rendered":"<p>[et_pb_section fb_built=&#8220;1&#8243; fullwidth=&#8220;on&#8220; _builder_version=&#8220;4.3.4&#8243;][et_pb_fullwidth_image src=&#8220;http:\/\/oome-tilles-hues.de\/wp-content\/uploads\/2020\/02\/headder.jpg&#8220; _builder_version=&#8220;4.3.4&#8243;][\/et_pb_fullwidth_image][\/et_pb_section][et_pb_section fb_built=&#8220;1&#8243; _builder_version=&#8220;4.3.4&#8243; hover_enabled=&#8220;0&#8243; background_color=&#8220;#84cec5&#8243;][et_pb_row column_structure=&#8220;1_2,1_2&#8243; _builder_version=&#8220;4.3.4&#8243; background_size=&#8220;initial&#8220; background_position=&#8220;top_left&#8220; background_repeat=&#8220;repeat&#8220; custom_padding=&#8220;0px|||9px||&#8220;][et_pb_column type=&#8220;1_2&#8243; _builder_version=&#8220;3.25&#8243; custom_padding=&#8220;|||&#8220; custom_padding__hover=&#8220;|||&#8220;][et_pb_text _builder_version=&#8220;4.3.4&#8243; background_size=&#8220;initial&#8220; background_position=&#8220;top_left&#8220; background_repeat=&#8220;repeat&#8220; custom_padding=&#8220;8px||0px|5px||&#8220;] &nbsp; Datenschutzerkl\u00e4rung1. Datenschutz auf einen BlickAllgemeine HinweiseDie folgenden Hinweise geben einen einfachen \u00dcberblick dar\u00fcber, was mit Ihren personenbezogenen Daten passiert, wenn Sie unsere Website besuchen. Personenbezogene Daten sind alle Daten, [&hellip;]<\/p>\n","protected":false},"author":1,"featured_media":0,"parent":0,"menu_order":0,"comment_status":"closed","ping_status":"closed","template":"","meta":{"_et_pb_use_builder":"on","_et_pb_old_content":"This is an example page. It's different from a blog post because it will stay in one place and will show up in your site navigation (in most themes). Most people start with an About page that introduces them to potential site visitors. It might say something like this:\n<blockquote>Hi there! I'm a bike messenger by day, aspiring actor by night, and this is my website. I live in Los Angeles, have a great dog named Jack, and I like pi\u00f1a coladas. (And gettin' caught in the rain.)<\/blockquote>\n...or something like this:\n<blockquote>The XYZ Doohickey Company was founded in 1971, and has been providing quality doohickeys to the public ever since. Located in Gotham City, XYZ employs over 2,000 people and does all kinds of awesome things for the Gotham community.<\/blockquote>\nAs a new WordPress user, you should go to <a href=\"http:\/\/oome-tilles-hues.de\/wp-admin\/\">your dashboard<\/a> to delete this page and create new pages for your content. Have fun!","_et_gb_content_width":""},"_links":{"self":[{"href":"http:\/\/oome-tilles-hues.de\/index.php?rest_route=\/wp\/v2\/pages\/34"}],"collection":[{"href":"http:\/\/oome-tilles-hues.de\/index.php?rest_route=\/wp\/v2\/pages"}],"about":[{"href":"http:\/\/oome-tilles-hues.de\/index.php?rest_route=\/wp\/v2\/types\/page"}],"author":[{"embeddable":true,"href":"http:\/\/oome-tilles-hues.de\/index.php?rest_route=\/wp\/v2\/users\/1"}],"replies":[{"embeddable":true,"href":"http:\/\/oome-tilles-hues.de\/index.php?rest_route=%2Fwp%2Fv2%2Fcomments&post=34"}],"version-history":[{"count":4,"href":"http:\/\/oome-tilles-hues.de\/index.php?rest_route=\/wp\/v2\/pages\/34\/revisions"}],"predecessor-version":[{"id":58,"href":"http:\/\/oome-tilles-hues.de\/index.php?rest_route=\/wp\/v2\/pages\/34\/revisions\/58"}],"wp:attachment":[{"href":"http:\/\/oome-tilles-hues.de\/index.php?rest_route=%2Fwp%2Fv2%2Fmedia&parent=34"}],"curies":[{"name":"wp","href":"https:\/\/api.w.org\/{rel}","templated":true}]}}